{"id":18397,"date":"2026-09-01T07:36:29","date_gmt":"2026-09-01T06:36:29","guid":{"rendered":"https:\/\/lda.be\/?page_id=18397"},"modified":"2026-09-01T07:37:03","modified_gmt":"2026-09-01T06:37:03","slug":"venez-rendre-visite-a-lda-au-salon-solids-anvers-2026","status":"publish","type":"page","link":"https:\/\/lda.be\/fr\/venez-rendre-visite-a-lda-au-salon-solids-anvers-2026\/","title":{"rendered":"Venez rendre visite \u00e0 LDA au salon Solids Anvers 2026"},"content":{"rendered":"\t\t<div data-elementor-type=\"wp-page\" data-elementor-id=\"18397\" class=\"elementor elementor-18397 elementor-18362\" data-elementor-post-type=\"page\">\n\t\t\t\t<div class=\"elementor-element elementor-element-1619f4a5 e-flex e-con-boxed e-con e-parent\" data-id=\"1619f4a5\" data-element_type=\"container\" data-e-type=\"container\" data-settings=\"{&quot;background_background&quot;:&quot;classic&quot;}\">\n\t\t\t\t\t<div class=\"e-con-inner\">\n\t\t\t\t\t<\/div>\n\t\t\t\t<\/div>\n\t\t<div class=\"elementor-element elementor-element-432977b e-flex e-con-boxed e-con e-parent\" data-id=\"432977b\" data-element_type=\"container\" data-e-type=\"container\">\n\t\t\t\t\t<div class=\"e-con-inner\">\n\t\t\t\t<div class=\"elementor-element elementor-element-f3c8a3c elementor-widget elementor-widget-text-editor\" data-id=\"f3c8a3c\" data-element_type=\"widget\" data-e-type=\"widget\" data-widget_type=\"text-editor.default\">\n\t\t\t\t<div class=\"elementor-widget-container\">\n\t\t\t\t\t\t\t\t\t<p>LDA se rendra \u00e0 Anvers pour l&#8217;\u00e9dition anniversaire de Solids. Cette ann\u00e9e encore, LDA sera pr\u00e9sent au salon Solids, qui se tiendra<strong> les 21 et 22 octobre 2026<\/strong> \u00e0<strong> Antwerp Expo<\/strong>. Au cours de ces deux journ\u00e9es, nous serons pr\u00eats \u00e0 accueillir les visiteurs, \u00e0 \u00e9changer des id\u00e9es et \u00e0 montrer comment nous accompagnons les entreprises dans le secteur des produits en vrac.  <\/p><p>Solids est le salon de r\u00e9f\u00e9rence d\u00e9di\u00e9 aux technologies des <strong>granul\u00e9s, des poudres et des produits en vrac<\/strong>, et s&#8217;impose depuis des ann\u00e9es comme une valeur s\u00fbre au Benelux. Organis\u00e9 tous les deux ans, cet \u00e9v\u00e9nement rassemble les professionnels actifs dans le traitement,<strong> le stockage et le transport des produits secs en vrac<\/strong>. Il pr\u00e9sente notamment des solutions et des applications visant \u00e0 am\u00e9liorer l&#8217;efficacit\u00e9 des processus, \u00e0 renforcer la s\u00e9curit\u00e9 de la manutention, \u00e0 optimiser la qualit\u00e9 des produits et \u00e0 mettre en place une automatisation tourn\u00e9e vers l&#8217;avenir.  <\/p><p>Les<strong> 21 et 22 octobre 2026<\/strong>, des experts, des fournisseurs et des d\u00e9cideurs se r\u00e9uniront \u00e0 Anvers pour \u00e9changer et faire des affaires. Les visiteurs b\u00e9n\u00e9ficieront non seulement d&#8217;un aper\u00e7u actualis\u00e9 du march\u00e9, mais aussi d&#8217;une vision inspirante de l&#8217;avenir des technologies de proc\u00e9d\u00e9s. Des installations innovantes aux optimisations intelligentes des proc\u00e9d\u00e9s : Solids est le lieu id\u00e9al pour rester au fait des derni\u00e8res tendances du secteur.  <\/p>\t\t\t\t\t\t\t\t<\/div>\n\t\t\t\t<\/div>\n\t\t\t\t\t<\/div>\n\t\t\t\t<\/div>\n\t\t<div class=\"elementor-element elementor-element-77ad0cb e-flex e-con-boxed e-con e-parent\" data-id=\"77ad0cb\" data-element_type=\"container\" data-e-type=\"container\">\n\t\t\t\t\t<div class=\"e-con-inner\">\n\t\t<div class=\"elementor-element elementor-element-02a6cbe e-con-full e-flex e-con e-child\" data-id=\"02a6cbe\" data-element_type=\"container\" data-e-type=\"container\">\n\t\t\t\t<div class=\"elementor-element elementor-element-3f6128c elementor-widget elementor-widget-image\" data-id=\"3f6128c\" data-element_type=\"widget\" data-e-type=\"widget\" data-widget_type=\"image.default\">\n\t\t\t\t<div class=\"elementor-widget-container\">\n\t\t\t\t\t\t\t\t\t\t\t\t\t\t\t<img fetchpriority=\"high\" decoding=\"async\" width=\"1024\" height=\"312\" src=\"https:\/\/lda.be\/wp-content\/uploads\/2026\/08\/SOL26_Logo_15thEdition_LocationBaseline_Color-1024x312-1.jpg\" class=\"attachment-large size-large wp-image-18387\" alt=\"15th anniversary logo solids\" srcset=\"https:\/\/lda.be\/wp-content\/uploads\/2026\/08\/SOL26_Logo_15thEdition_LocationBaseline_Color-1024x312-1.jpg 1024w, https:\/\/lda.be\/wp-content\/uploads\/2026\/08\/SOL26_Logo_15thEdition_LocationBaseline_Color-1024x312-1-300x91.jpg 300w, https:\/\/lda.be\/wp-content\/uploads\/2026\/08\/SOL26_Logo_15thEdition_LocationBaseline_Color-1024x312-1-768x234.jpg 768w, https:\/\/lda.be\/wp-content\/uploads\/2026\/08\/SOL26_Logo_15thEdition_LocationBaseline_Color-1024x312-1-64x20.jpg 64w\" sizes=\"(max-width: 1024px) 100vw, 1024px\" \/>\t\t\t\t\t\t\t\t\t\t\t\t\t\t\t<\/div>\n\t\t\t\t<\/div>\n\t\t\t\t<\/div>\n\t\t<div class=\"elementor-element elementor-element-3419f44 e-con-full e-flex e-con e-child\" data-id=\"3419f44\" data-element_type=\"container\" data-e-type=\"container\">\n\t\t\t\t<div class=\"elementor-element elementor-element-f576695 elementor-widget elementor-widget-heading\" data-id=\"f576695\" data-element_type=\"widget\" data-e-type=\"widget\" data-widget_type=\"heading.default\">\n\t\t\t\t<div class=\"elementor-widget-container\">\n\t\t\t\t\t<h2 class=\"elementor-heading-title elementor-size-default\">15e \u00e9dition de Solids Anvers<\/h2>\t\t\t\t<\/div>\n\t\t\t\t<\/div>\n\t\t\t\t<div class=\"elementor-element elementor-element-c4093b5 elementor-widget elementor-widget-text-editor\" data-id=\"c4093b5\" data-element_type=\"widget\" data-e-type=\"widget\" data-widget_type=\"text-editor.default\">\n\t\t\t\t<div class=\"elementor-widget-container\">\n\t\t\t\t\t\t\t\t\t<p>Solids Anvers c\u00e9l\u00e8bre cette ann\u00e9e sa 15e \u00e9dition.<br\/>Depuis quinze \u00e9ditions d\u00e9j\u00e0, ce salon rassemble les professionnels de l&#8217;industrie des produits en vrac autour de <strong>l&#8217;innovation, de l&#8217;expertise et de rencontres fructueuses<\/strong>. Cette \u00e9dition anniversaire est l&#8217;occasion id\u00e9ale de revenir sur un parcours remarquable, mais surtout de se tourner vers l&#8217;avenir : quelles tendances vont fa\u00e7onner l&#8217;industrie dans les ann\u00e9es \u00e0 venir, et comment les entreprises s&#8217;y pr\u00e9parent-elles d\u00e8s aujourd&#8217;hui ? <\/p>\t\t\t\t\t\t\t\t<\/div>\n\t\t\t\t<\/div>\n\t\t\t\t<\/div>\n\t\t\t\t\t<\/div>\n\t\t\t\t<\/div>\n\t\t<div class=\"elementor-element elementor-element-37c2ba0 e-flex e-con-boxed e-con e-parent\" data-id=\"37c2ba0\" data-element_type=\"container\" data-e-type=\"container\">\n\t\t\t\t\t<div class=\"e-con-inner\">\n\t\t\t\t<div class=\"elementor-element elementor-element-a93ddbc elementor-widget elementor-widget-text-editor\" data-id=\"a93ddbc\" data-element_type=\"widget\" data-e-type=\"widget\" data-widget_type=\"text-editor.default\">\n\t\t\t\t<div class=\"elementor-widget-container\">\n\t\t\t\t\t\t\t\t\t<p><strong>Informations et aspects pratiques<\/strong><\/p><p>LDA sera pr\u00e9sente pendant les <strong>deux jours du salon<\/strong>. Vous nous trouverez au <strong>stand 4233<\/strong>. Venez nous rendre visite pour \u00e9changer, d\u00e9couvrir notre approche et discuter de vos d\u00e9fis ou de vos projets avec notre \u00e9quipe. Nous nous r\u00e9jouissons de vous accueillir \u00e0 Anvers.   <\/p><p><strong>Entr\u00e9e gratuite, inscrivez-vous<\/strong><\/p><p>Vous pouvez vous inscrire gratuitement via LDA. Il vous suffit de cliquer sur le bouton ci-dessous, de remplir le formulaire avec vos coordonn\u00e9es et de valider votre inscription. En quelques minutes, c&#8217;est fait : vous \u00eates imm\u00e9diatement inscrit. N&#8217;attendez plus et inscrivez-vous gratuitement d\u00e8s aujourd&#8217;hui !   <\/p>\t\t\t\t\t\t\t\t<\/div>\n\t\t\t\t<\/div>\n\t\t\t\t<div class=\"elementor-element elementor-element-3388ace elementor-widget elementor-widget-button\" data-id=\"3388ace\" data-element_type=\"widget\" data-e-type=\"widget\" data-widget_type=\"button.default\">\n\t\t\t\t<div class=\"elementor-widget-container\">\n\t\t\t\t\t\t\t\t\t<div class=\"elementor-button-wrapper\">\n\t\t\t\t\t<a class=\"elementor-button elementor-button-link elementor-size-sm\" href=\"https:\/\/ldabelgium.short.gy\/ixQAKY\">\n\t\t\t\t\t\t<span class=\"elementor-button-content-wrapper\">\n\t\t\t\t\t\t\t\t\t<span class=\"elementor-button-text\">Inscrivez-vous<\/span>\n\t\t\t\t\t<\/span>\n\t\t\t\t\t<\/a>\n\t\t\t\t<\/div>\n\t\t\t\t\t\t\t\t<\/div>\n\t\t\t\t<\/div>\n\t\t\t\t\t<\/div>\n\t\t\t\t<\/div>\n\t\t\t\t<\/div>\n\t\t","protected":false},"excerpt":{"rendered":"<p>LDA se rendra \u00e0 Anvers pour l&#8217;\u00e9dition anniversaire de Solids. Cette ann\u00e9e encore, LDA sera pr\u00e9sent au salon Solids, qui se tiendra les 21 et 22 octobre 2026 \u00e0 Antwerp Expo. Au cours de ces deux journ\u00e9es, nous serons pr\u00eats \u00e0 accueillir les visiteurs, \u00e0 \u00e9changer des id\u00e9es et \u00e0 montrer comment nous accompagnons les [&hellip;]<\/p>\n","protected":false},"author":5,"featured_media":18393,"parent":0,"menu_order":0,"comment_status":"closed","ping_status":"closed","template":"","meta":{"_angie_page":false,"footnotes":""},"class_list":["post-18397","page","type-page","status-publish","has-post-thumbnail","hentry"],"yoast_head":"<!-- This site is optimized with the Yoast SEO plugin v28.3 - https:\/\/yoast.com\/product\/yoast-seo-wordpress\/ -->\n<title>Venez rendre visite \u00e0 LDA au salon Solids Anvers 2026 - LDA Belgique<\/title>\n<meta name=\"description\" content=\"Venez rendre visite \u00e0 LDA au salon Solids Anvers 2026 : nous vous proposons des d\u00e9monstrations, de l&#039;inspiration et des innovations pour vos machines ! Venez nous rendre visite et en savoir plus sur notre stand 4233\" \/>\n<meta name=\"robots\" content=\"index, follow, max-snippet:-1, max-image-preview:large, max-video-preview:-1\" \/>\n<link rel=\"canonical\" href=\"https:\/\/lda.be\/fr\/venez-rendre-visite-a-lda-au-salon-solids-anvers-2026\/\" \/>\n<meta property=\"og:locale\" content=\"fr_FR\" \/>\n<meta property=\"og:type\" content=\"article\" \/>\n<meta property=\"og:title\" content=\"Venez rendre visite \u00e0 LDA au salon Solids Anvers 2026 - LDA Belgique\" \/>\n<meta property=\"og:description\" content=\"Venez rendre visite \u00e0 LDA au salon Solids Anvers 2026 : nous vous proposons des d\u00e9monstrations, de l&#039;inspiration et des innovations pour vos machines ! Venez nous rendre visite et en savoir plus sur notre stand 4233\" \/>\n<meta property=\"og:url\" content=\"https:\/\/lda.be\/fr\/venez-rendre-visite-a-lda-au-salon-solids-anvers-2026\/\" \/>\n<meta property=\"og:site_name\" content=\"LDA Belgique\" \/>\n<meta property=\"article:modified_time\" content=\"2026-09-01T06:37:03+00:00\" \/>\n<meta property=\"og:image\" content=\"https:\/\/lda.be\/wp-content\/uploads\/2026\/08\/solids-thumbnail.webp\" \/>\n\t<meta property=\"og:image:width\" content=\"1280\" \/>\n\t<meta property=\"og:image:height\" content=\"1280\" \/>\n\t<meta property=\"og:image:type\" content=\"image\/webp\" \/>\n<meta name=\"twitter:card\" content=\"summary_large_image\" \/>\n<meta name=\"twitter:label1\" content=\"Dur\u00e9e de lecture estim\u00e9e\" \/>\n\t<meta name=\"twitter:data1\" content=\"2 minutes\" \/>\n<script type=\"application\/ld+json\" class=\"yoast-schema-graph\">{\"@context\":\"https:\\\/\\\/schema.org\",\"@graph\":[{\"@type\":\"WebPage\",\"@id\":\"https:\\\/\\\/lda.be\\\/fr\\\/venez-rendre-visite-a-lda-au-salon-solids-anvers-2026\\\/\",\"url\":\"https:\\\/\\\/lda.be\\\/fr\\\/venez-rendre-visite-a-lda-au-salon-solids-anvers-2026\\\/\",\"name\":\"Venez rendre visite \u00e0 LDA au salon Solids Anvers 2026 - LDA Belgique\",\"isPartOf\":{\"@id\":\"https:\\\/\\\/lda.be\\\/fr\\\/#website\"},\"primaryImageOfPage\":{\"@id\":\"https:\\\/\\\/lda.be\\\/fr\\\/venez-rendre-visite-a-lda-au-salon-solids-anvers-2026\\\/#primaryimage\"},\"image\":{\"@id\":\"https:\\\/\\\/lda.be\\\/fr\\\/venez-rendre-visite-a-lda-au-salon-solids-anvers-2026\\\/#primaryimage\"},\"thumbnailUrl\":\"https:\\\/\\\/lda.be\\\/wp-content\\\/uploads\\\/2026\\\/08\\\/solids-thumbnail.webp\",\"datePublished\":\"2026-09-01T06:36:29+00:00\",\"dateModified\":\"2026-09-01T06:37:03+00:00\",\"description\":\"Venez rendre visite \u00e0 LDA au salon Solids Anvers 2026 : nous vous proposons des d\u00e9monstrations, de l'inspiration et des innovations pour vos machines ! Venez nous rendre visite et en savoir plus sur notre stand 4233\",\"breadcrumb\":{\"@id\":\"https:\\\/\\\/lda.be\\\/fr\\\/venez-rendre-visite-a-lda-au-salon-solids-anvers-2026\\\/#breadcrumb\"},\"inLanguage\":\"fr-FR\",\"potentialAction\":[{\"@type\":\"ReadAction\",\"target\":[\"https:\\\/\\\/lda.be\\\/fr\\\/venez-rendre-visite-a-lda-au-salon-solids-anvers-2026\\\/\"]}]},{\"@type\":\"ImageObject\",\"inLanguage\":\"fr-FR\",\"@id\":\"https:\\\/\\\/lda.be\\\/fr\\\/venez-rendre-visite-a-lda-au-salon-solids-anvers-2026\\\/#primaryimage\",\"url\":\"https:\\\/\\\/lda.be\\\/wp-content\\\/uploads\\\/2026\\\/08\\\/solids-thumbnail.webp\",\"contentUrl\":\"https:\\\/\\\/lda.be\\\/wp-content\\\/uploads\\\/2026\\\/08\\\/solids-thumbnail.webp\",\"width\":1280,\"height\":1280,\"caption\":\"solids thumbnail\"},{\"@type\":\"BreadcrumbList\",\"@id\":\"https:\\\/\\\/lda.be\\\/fr\\\/venez-rendre-visite-a-lda-au-salon-solids-anvers-2026\\\/#breadcrumb\",\"itemListElement\":[{\"@type\":\"ListItem\",\"position\":1,\"name\":\"Accueil\",\"item\":\"https:\\\/\\\/lda.be\\\/fr\\\/\"},{\"@type\":\"ListItem\",\"position\":2,\"name\":\"Venez rendre visite \u00e0 LDA au salon Solids Anvers 2026\"}]},{\"@type\":\"WebSite\",\"@id\":\"https:\\\/\\\/lda.be\\\/fr\\\/#website\",\"url\":\"https:\\\/\\\/lda.be\\\/fr\\\/\",\"name\":\"LDA Belgium\",\"description\":\"Solutions For Life\",\"publisher\":{\"@id\":\"https:\\\/\\\/lda.be\\\/fr\\\/#organization\"},\"potentialAction\":[{\"@type\":\"SearchAction\",\"target\":{\"@type\":\"EntryPoint\",\"urlTemplate\":\"https:\\\/\\\/lda.be\\\/fr\\\/?s={search_term_string}\"},\"query-input\":{\"@type\":\"PropertyValueSpecification\",\"valueRequired\":true,\"valueName\":\"search_term_string\"}}],\"inLanguage\":\"fr-FR\"},{\"@type\":\"Organization\",\"@id\":\"https:\\\/\\\/lda.be\\\/fr\\\/#organization\",\"name\":\"LDA Belgium\",\"url\":\"https:\\\/\\\/lda.be\\\/fr\\\/\",\"logo\":{\"@type\":\"ImageObject\",\"inLanguage\":\"fr-FR\",\"@id\":\"https:\\\/\\\/lda.be\\\/fr\\\/#\\\/schema\\\/logo\\\/image\\\/\",\"url\":\"https:\\\/\\\/lda.be\\\/wp-content\\\/uploads\\\/2022\\\/07\\\/Logo-LDA.webp\",\"contentUrl\":\"https:\\\/\\\/lda.be\\\/wp-content\\\/uploads\\\/2022\\\/07\\\/Logo-LDA.webp\",\"width\":311,\"height\":101,\"caption\":\"LDA Belgium\"},\"image\":{\"@id\":\"https:\\\/\\\/lda.be\\\/fr\\\/#\\\/schema\\\/logo\\\/image\\\/\"},\"sameAs\":[\"https:\\\/\\\/www.linkedin.com\\\/company\\\/lda-belgium-nv\"]}]}<\/script>\n<!-- \/ Yoast SEO plugin. -->","yoast_head_json":{"title":"Venez rendre visite \u00e0 LDA au salon Solids Anvers 2026 - LDA Belgique","description":"Venez rendre visite \u00e0 LDA au salon Solids Anvers 2026 : nous vous proposons des d\u00e9monstrations, de l'inspiration et des innovations pour vos machines ! Venez nous rendre visite et en savoir plus sur notre stand 4233","robots":{"index":"index","follow":"follow","max-snippet":"max-snippet:-1","max-image-preview":"max-image-preview:large","max-video-preview":"max-video-preview:-1"},"canonical":"https:\/\/lda.be\/fr\/venez-rendre-visite-a-lda-au-salon-solids-anvers-2026\/","og_locale":"fr_FR","og_type":"article","og_title":"Venez rendre visite \u00e0 LDA au salon Solids Anvers 2026 - LDA Belgique","og_description":"Venez rendre visite \u00e0 LDA au salon Solids Anvers 2026 : nous vous proposons des d\u00e9monstrations, de l'inspiration et des innovations pour vos machines ! Venez nous rendre visite et en savoir plus sur notre stand 4233","og_url":"https:\/\/lda.be\/fr\/venez-rendre-visite-a-lda-au-salon-solids-anvers-2026\/","og_site_name":"LDA Belgique","article_modified_time":"2026-09-01T06:37:03+00:00","og_image":[{"width":1280,"height":1280,"url":"https:\/\/lda.be\/wp-content\/uploads\/2026\/08\/solids-thumbnail.webp","type":"image\/webp"}],"twitter_card":"summary_large_image","twitter_misc":{"Dur\u00e9e de lecture estim\u00e9e":"2 minutes"},"schema":{"@context":"https:\/\/schema.org","@graph":[{"@type":"WebPage","@id":"https:\/\/lda.be\/fr\/venez-rendre-visite-a-lda-au-salon-solids-anvers-2026\/","url":"https:\/\/lda.be\/fr\/venez-rendre-visite-a-lda-au-salon-solids-anvers-2026\/","name":"Venez rendre visite \u00e0 LDA au salon Solids Anvers 2026 - LDA Belgique","isPartOf":{"@id":"https:\/\/lda.be\/fr\/#website"},"primaryImageOfPage":{"@id":"https:\/\/lda.be\/fr\/venez-rendre-visite-a-lda-au-salon-solids-anvers-2026\/#primaryimage"},"image":{"@id":"https:\/\/lda.be\/fr\/venez-rendre-visite-a-lda-au-salon-solids-anvers-2026\/#primaryimage"},"thumbnailUrl":"https:\/\/lda.be\/wp-content\/uploads\/2026\/08\/solids-thumbnail.webp","datePublished":"2026-09-01T06:36:29+00:00","dateModified":"2026-09-01T06:37:03+00:00","description":"Venez rendre visite \u00e0 LDA au salon Solids Anvers 2026 : nous vous proposons des d\u00e9monstrations, de l'inspiration et des innovations pour vos machines ! Venez nous rendre visite et en savoir plus sur notre stand 4233","breadcrumb":{"@id":"https:\/\/lda.be\/fr\/venez-rendre-visite-a-lda-au-salon-solids-anvers-2026\/#breadcrumb"},"inLanguage":"fr-FR","potentialAction":[{"@type":"ReadAction","target":["https:\/\/lda.be\/fr\/venez-rendre-visite-a-lda-au-salon-solids-anvers-2026\/"]}]},{"@type":"ImageObject","inLanguage":"fr-FR","@id":"https:\/\/lda.be\/fr\/venez-rendre-visite-a-lda-au-salon-solids-anvers-2026\/#primaryimage","url":"https:\/\/lda.be\/wp-content\/uploads\/2026\/08\/solids-thumbnail.webp","contentUrl":"https:\/\/lda.be\/wp-content\/uploads\/2026\/08\/solids-thumbnail.webp","width":1280,"height":1280,"caption":"solids thumbnail"},{"@type":"BreadcrumbList","@id":"https:\/\/lda.be\/fr\/venez-rendre-visite-a-lda-au-salon-solids-anvers-2026\/#breadcrumb","itemListElement":[{"@type":"ListItem","position":1,"name":"Accueil","item":"https:\/\/lda.be\/fr\/"},{"@type":"ListItem","position":2,"name":"Venez rendre visite \u00e0 LDA au salon Solids Anvers 2026"}]},{"@type":"WebSite","@id":"https:\/\/lda.be\/fr\/#website","url":"https:\/\/lda.be\/fr\/","name":"LDA Belgium","description":"Solutions For Life","publisher":{"@id":"https:\/\/lda.be\/fr\/#organization"},"potentialAction":[{"@type":"SearchAction","target":{"@type":"EntryPoint","urlTemplate":"https:\/\/lda.be\/fr\/?s={search_term_string}"},"query-input":{"@type":"PropertyValueSpecification","valueRequired":true,"valueName":"search_term_string"}}],"inLanguage":"fr-FR"},{"@type":"Organization","@id":"https:\/\/lda.be\/fr\/#organization","name":"LDA Belgium","url":"https:\/\/lda.be\/fr\/","logo":{"@type":"ImageObject","inLanguage":"fr-FR","@id":"https:\/\/lda.be\/fr\/#\/schema\/logo\/image\/","url":"https:\/\/lda.be\/wp-content\/uploads\/2022\/07\/Logo-LDA.webp","contentUrl":"https:\/\/lda.be\/wp-content\/uploads\/2022\/07\/Logo-LDA.webp","width":311,"height":101,"caption":"LDA Belgium"},"image":{"@id":"https:\/\/lda.be\/fr\/#\/schema\/logo\/image\/"},"sameAs":["https:\/\/www.linkedin.com\/company\/lda-belgium-nv"]}]}},"_links":{"self":[{"href":"https:\/\/lda.be\/fr\/wp-json\/wp\/v2\/pages\/18397","targetHints":{"allow":["GET"]}}],"collection":[{"href":"https:\/\/lda.be\/fr\/wp-json\/wp\/v2\/pages"}],"about":[{"href":"https:\/\/lda.be\/fr\/wp-json\/wp\/v2\/types\/page"}],"author":[{"embeddable":true,"href":"https:\/\/lda.be\/fr\/wp-json\/wp\/v2\/users\/5"}],"replies":[{"embeddable":true,"href":"https:\/\/lda.be\/fr\/wp-json\/wp\/v2\/comments?post=18397"}],"version-history":[{"count":2,"href":"https:\/\/lda.be\/fr\/wp-json\/wp\/v2\/pages\/18397\/revisions"}],"predecessor-version":[{"id":18400,"href":"https:\/\/lda.be\/fr\/wp-json\/wp\/v2\/pages\/18397\/revisions\/18400"}],"wp:featuredmedia":[{"embeddable":true,"href":"https:\/\/lda.be\/fr\/wp-json\/wp\/v2\/media\/18393"}],"wp:attachment":[{"href":"https:\/\/lda.be\/fr\/wp-json\/wp\/v2\/media?parent=18397"}],"curies":[{"name":"wp","href":"https:\/\/api.w.org\/{rel}","templated":true}]}}